{"id":5525,"date":"2022-04-22T09:04:42","date_gmt":"2022-04-22T09:04:42","guid":{"rendered":"http:\/\/proabtennis.com\/qui-som\/"},"modified":"2022-04-22T17:20:01","modified_gmt":"2022-04-22T17:20:01","slug":"qui-som","status":"publish","type":"page","link":"https:\/\/proabtennis.com\/ca\/qui-som\/","title":{"rendered":"Qui som"},"content":{"rendered":"<section class=\"l-section wpb_row height_huge with_img\"><div class=\"l-section-img\" style=\"background-image: url(https:\/\/proabtennis.com\/wp-content\/uploads\/2020\/12\/pelota-red.jpg);background-repeat: no-repeat;\" data-img-width=\"1500\" data-img-height=\"700\"><\/div><div class=\"l-section-h i-cf\"><div class=\"g-cols vc_row via_flex valign_middle type_default stacking_default\"><div class=\"vc_col-sm-6 wpb_column vc_column_container\"><div class=\"vc_column-inner\"><div class=\"vc_column-overlay\" style=\"background:rgba(255,255,255,0.60)\"><\/div><div class=\"wpb_wrapper\"><div class=\"w-separator size_medium\"><\/div>[vc_custom_heading text=&#8221;Passi\u00f3 pel tennis&#8221; google_fonts=&#8221;font_family:Montserrat%3Aregular%2C700|font_style:700%20bold%20regular%3A700%3Anormal&#8221; css=&#8221;%7B%22default%22%3A%7B%22color%22%3A%22%231a1a1a%22%2C%22font-size%22%3A%2250px%22%7D%7D&#8221;]<div class=\"wpb_text_column us_custom_ae99f6aa has_text_color\"><div class=\"wpb_wrapper\"><p class=\"p1\" style=\"text-align: left;\"><strong>L\u2019Acad\u00e8mia de Tennis PROAB TEAM neix, fa m\u00e9s de 20 anys, per la passi\u00f3 del tennis, l\u2019ensenyament a tots nivels i amb la il.lusi\u00f3 de crear un centre d\u2019alt rendiment dedicat a la formaci\u00f3 de joves tennistes, que hem fet realitat.<br \/>\n<\/strong><\/p>\n<\/div><\/div><div class=\"w-btn-wrapper align_none\"><a class=\"w-btn us-btn-style_2\" title=\"Inici\" href=\"http:\/\/proabtennis.com\/qui-som\/cv-arenas\/?lang=ca\"><span class=\"w-btn-label\">Consulta el CV de Josep Maria Arenas<\/span><\/a><\/div><div class=\"w-separator size_medium\"><\/div><\/div><\/div><\/div><div class=\"vc_col-sm-3 wpb_column vc_column_container\"><div class=\"vc_column-inner\"><div class=\"wpb_wrapper\"><\/div><\/div><\/div><div class=\"vc_col-sm-3 wpb_column vc_column_container\"><div class=\"vc_column-inner\"><div class=\"wpb_wrapper\"><\/div><\/div><\/div><\/div><\/div><\/section><section class=\"l-section wpb_row height_small\"><div class=\"l-section-overlay\" style=\"background:#f5f5f5\"><\/div><div class=\"l-section-h i-cf\"><div class=\"g-cols vc_row via_flex valign_top type_default stacking_default\"><div class=\"vc_col-sm-2 wpb_column vc_column_container\"><div class=\"vc_column-inner\"><div class=\"wpb_wrapper\"><\/div><\/div><\/div><div class=\"vc_col-sm-8 wpb_column vc_column_container\"><div class=\"vc_column-inner\"><div class=\"wpb_wrapper\"><div class=\"w-menu us_custom_2bd7531c layout_hor style_links not_responsive us_menu_1\" style=\"--main-gap:1.5rem;--main-ver-indent:0.8em;--main-hor-indent:0.8em;\"><ul id=\"menu-qui-som-catalan\" class=\"menu\"><li id=\"menu-item-5521\" class=\"menu-item menu-item-type-custom menu-item-object-custom menu-item-5521\"><a href=\"http:\/\/proabtennis.com\/quienes-somos\/#Academiadetennis\">Acad\u00e8mia de tennis<\/a><\/li><li id=\"menu-item-5522\" class=\"menu-item menu-item-type-custom menu-item-object-custom menu-item-5522\"><a href=\"http:\/\/proabtennis.com\/quienes-somos\/#claus\">Metodologia<\/a><\/li><li id=\"menu-item-5523\" class=\"menu-item menu-item-type-custom menu-item-object-custom menu-item-5523\"><a href=\"http:\/\/proabtennis.com\/quienes-somos\/#staff\">Equip t\u00e8cnic<\/a><\/li><li id=\"menu-item-5524\" class=\"menu-item menu-item-type-custom menu-item-object-custom menu-item-5524\"><a href=\"http:\/\/proabtennis.com\/quienes-somos\/#Installacions\">Instal\u00b7lacions<\/a><\/li><\/ul><style>.us_menu_1 .menu>li>a{color:#333333}.us_menu_1 .menu>.menu-item:not(.current-menu-item)>a:hover{color:#a5ed47}.us_menu_1 .menu>.current-menu-item>a{color:#999999}<\/style><\/div><\/div><\/div><\/div><div class=\"vc_col-sm-2 wpb_column vc_column_container\"><div class=\"vc_column-inner\"><div class=\"wpb_wrapper\"><\/div><\/div><\/div><\/div><\/div><\/section><section class=\"l-section wpb_row height_large\" id=\"Academiadetennis\"><div class=\"l-section-h i-cf\"><div class=\"g-cols vc_row via_flex valign_top type_default stacking_default\"><div class=\"vc_col-sm-12 wpb_column vc_column_container\"><div class=\"vc_column-inner\"><div class=\"wpb_wrapper\"><div class=\"g-cols wpb_row via_flex valign_top type_default stacking_default\"><div class=\"vc_col-sm-2 wpb_column vc_column_container\"><div class=\"vc_column-inner\"><div class=\"wpb_wrapper\"><\/div><\/div><\/div><div class=\"vc_col-sm-8 wpb_column vc_column_container\"><div class=\"vc_column-inner\"><div class=\"wpb_wrapper\"><div class=\"w-image align_center\"><div class=\"w-image-h\"><img width=\"234\" height=\"133\" src=\"https:\/\/proabtennis.com\/wp-content\/uploads\/2020\/12\/iconos-jugadores.png\" class=\"attachment-large size-large\" alt=\"\" loading=\"lazy\" \/><\/div><\/div><div class=\"w-separator size_medium\"><\/div><div class=\"wpb_text_column\"><div class=\"wpb_wrapper\"><h3 class=\"p1\" style=\"text-align: center;\"><strong>Som una Acad\u00e8mia de Tennis basada en l\u2019alta qualitat d\u2019ensenyament i la m\u00e0xima professionalitat en tots els vessants.<\/strong><\/h3>\n<p class=\"p1\" style=\"text-align: center;\">Totes aquestes \u00e0rees estan capitanejades pel director de l\u2019Acad\u00e8mia, Josep Ma Arenas, exjugador professional i ara, actualment, entrenador de jugadors professionals, juntament amb un excel.lent equip t\u00e8cnic d\u2019entrenadors i preparadors f\u00edsics, reconeguts a nivell Nacional i Internacional.<\/p>\n<\/div><\/div><div class=\"w-separator size_medium\"><\/div><\/div><\/div><\/div><div class=\"vc_col-sm-2 wpb_column vc_column_container\"><div class=\"vc_column-inner\"><div class=\"wpb_wrapper\"><\/div><\/div><\/div><\/div><div class=\"g-cols wpb_row via_flex valign_top type_default stacking_default\"><div class=\"vc_col-sm-4 wpb_column vc_column_container\"><div class=\"vc_column-inner\"><div class=\"wpb_wrapper\"><div class=\"w-iconbox iconpos_top style_default color_custom align_left icontype_img\"><div class=\"w-iconbox-icon\" style=\"font-size:60px;color:#fff700;\"><img width=\"60\" height=\"53\" src=\"https:\/\/proabtennis.com\/wp-content\/uploads\/2021\/02\/Mesa-de-trabajo-11.png\" class=\"attachment-full size-full\" alt=\"\" loading=\"lazy\" \/><\/div><div class=\"w-iconbox-meta\"><h4 class=\"w-iconbox-title\">Jugadors professionals Alta Competici\u00f3<\/h4><div class=\"w-iconbox-text\"><p>Formaci\u00f3 de Jugadors\/es Professionals &amp; Coaching en el Circu\u00eft Mundial de Tennis WTA, ATP, Challengers, ITF<\/p>\n<\/div><\/div><\/div><\/div><\/div><\/div><div class=\"vc_col-sm-4 wpb_column vc_column_container\"><div class=\"vc_column-inner\"><div class=\"wpb_wrapper\"><div class=\"w-iconbox iconpos_top style_default color_custom align_left icontype_img\"><div class=\"w-iconbox-icon\" style=\"font-size:60px;color:#fff700;\"><img width=\"60\" height=\"53\" src=\"https:\/\/proabtennis.com\/wp-content\/uploads\/2021\/02\/Mesa-de-trabajo-11-copia.png\" class=\"attachment-full size-full\" alt=\"\" loading=\"lazy\" \/><\/div><div class=\"w-iconbox-meta\"><h4 class=\"w-iconbox-title\">PreAlta Competici\u00f3 &amp; Beques als Estats Units<\/h4><div class=\"w-iconbox-text\"><p>Entrenaments de PreAlta Competici\u00f3 per a jugadors\/es que busquen un salt a la professionalitat del tennis &amp; Formaci\u00f3 de jugadors\/es per aconseguir beques a EEUU. Conciliaci\u00f3 entre estudis i entrenaments.<\/p>\n<\/div><\/div><\/div><\/div><\/div><\/div><div class=\"vc_col-sm-4 wpb_column vc_column_container\"><div class=\"vc_column-inner\"><div class=\"wpb_wrapper\"><div class=\"w-iconbox iconpos_top style_default color_custom align_left icontype_img\"><div class=\"w-iconbox-icon\" style=\"font-size:60px;color:#fff700;\"><img width=\"60\" height=\"53\" src=\"https:\/\/proabtennis.com\/wp-content\/uploads\/2021\/02\/Mesa-de-trabajo-11.png\" class=\"attachment-full size-full\" alt=\"\" loading=\"lazy\" \/><\/div><div class=\"w-iconbox-meta\"><h4 class=\"w-iconbox-title\">Escola de competici\u00f3<\/h4><div class=\"w-iconbox-text\"><p>Escola de competici\u00f3 des de Benjamins a Juniors a nivell territorial i Nacional. Seguiment en les competicions per part del nostre equip t\u00e8cnic.<\/p>\n<\/div><\/div><\/div><\/div><\/div><\/div><\/div><div class=\"w-separator size_small\"><\/div><div class=\"g-cols wpb_row via_flex valign_top type_default stacking_default\"><div class=\"vc_col-sm-4 wpb_column vc_column_container\"><div class=\"vc_column-inner\"><div class=\"wpb_wrapper\"><div class=\"w-iconbox iconpos_top style_default color_custom align_left icontype_img\"><div class=\"w-iconbox-icon\" style=\"font-size:60px;color:#fff700;\"><img width=\"60\" height=\"53\" src=\"https:\/\/proabtennis.com\/wp-content\/uploads\/2021\/02\/Mesa-de-trabajo-11.png\" class=\"attachment-full size-full\" alt=\"\" loading=\"lazy\" \/><\/div><div class=\"w-iconbox-meta\"><h4 class=\"w-iconbox-title\">Escola d\u2019Iniciaci\u00f3 i Perfeccionament<\/h4><div class=\"w-iconbox-text\"><p>Escola de mini-tennis, iniciaci\u00f3 i perfeccionament per a nens i nenes de totes les edats.<\/p>\n<\/div><\/div><\/div><\/div><\/div><\/div><div class=\"vc_col-sm-4 wpb_column vc_column_container\"><div class=\"vc_column-inner\"><div class=\"wpb_wrapper\"><div class=\"w-iconbox iconpos_top style_default color_custom align_left icontype_img\"><div class=\"w-iconbox-icon\" style=\"font-size:60px;color:#fff700;\"><img width=\"60\" height=\"53\" src=\"https:\/\/proabtennis.com\/wp-content\/uploads\/2021\/02\/Mesa-de-trabajo-11.png\" class=\"attachment-full size-full\" alt=\"\" loading=\"lazy\" \/><\/div><div class=\"w-iconbox-meta\"><h4 class=\"w-iconbox-title\">Escola per adults<\/h4><div class=\"w-iconbox-text\"><p>Classes particulars o en grups amb infinitat d\u2019horaris mat\u00ed i tarda .<\/p>\n<\/div><\/div><\/div><\/div><\/div><\/div><div class=\"vc_col-sm-4 wpb_column vc_column_container\"><div class=\"vc_column-inner\"><div class=\"wpb_wrapper\"><div class=\"w-iconbox iconpos_top style_default color_custom align_left icontype_img\"><div class=\"w-iconbox-icon\" style=\"font-size:60px;color:#fff700;\"><img width=\"60\" height=\"53\" src=\"https:\/\/proabtennis.com\/wp-content\/uploads\/2021\/02\/Mesa-de-trabajo-11.png\" class=\"attachment-full size-full\" alt=\"\" loading=\"lazy\" \/><\/div><div class=\"w-iconbox-meta\"><h4 class=\"w-iconbox-title\">Stage<\/h4><div class=\"w-iconbox-text\"><p>Stage Intensiu de Tennis durant tot l\u2019any en format setmanal, mensual o durant les vacances escolars d\u2019estiu, compaginant entrenaments i\/o competici\u00f3.<\/p>\n<\/div><\/div><\/div><\/div><\/div><\/div><\/div><\/div><\/div><\/div><\/div><\/div><\/section><section class=\"l-section wpb_row height_auto\" id=\"claus\"><div class=\"l-section-overlay\" style=\"background:#f5f5f5\"><\/div><div class=\"l-section-h i-cf\"><div class=\"g-cols vc_row via_flex valign_top type_boxes stacking_default\"><div class=\"vc_col-sm-12 wpb_column vc_column_container\"><div class=\"vc_column-inner\"><div class=\"wpb_wrapper\"><div class=\"w-image align_center\"><div class=\"w-image-h\"><img width=\"234\" height=\"133\" src=\"https:\/\/proabtennis.com\/wp-content\/uploads\/2020\/12\/raquetas-iconos.png\" class=\"attachment-large size-large\" alt=\"\" loading=\"lazy\" \/><\/div><\/div><div class=\"wpb_text_column\"><div class=\"wpb_wrapper\"><h3 class=\"p1\" style=\"text-align: center;\"><strong>Les claus de l&#8217;\u00e8xit<\/strong><\/h3>\n<\/div><\/div><div class=\"w-separator size_medium\"><\/div><div class=\"g-cols wpb_row via_flex valign_top type_default stacking_default\"><div class=\"vc_col-sm-6 wpb_column vc_column_container\"><div class=\"vc_column-inner\"><div class=\"wpb_wrapper\"><div class=\"w-image align_none\"><div class=\"w-image-h\"><img width=\"500\" height=\"500\" src=\"https:\/\/proabtennis.com\/wp-content\/uploads\/2021\/02\/trabajo.jpg\" class=\"attachment-large size-large\" alt=\"\" loading=\"lazy\" srcset=\"https:\/\/proabtennis.com\/wp-content\/uploads\/2021\/02\/trabajo.jpg 500w, https:\/\/proabtennis.com\/wp-content\/uploads\/2021\/02\/trabajo-300x300.jpg 300w, https:\/\/proabtennis.com\/wp-content\/uploads\/2021\/02\/trabajo-150x150.jpg 150w\" sizes=\"(max-width: 500px) 100vw, 500px\" \/><\/div><\/div><div class=\"w-separator size_medium\"><\/div><div class=\"wpb_text_column us_custom_d8bb8f6f\"><div class=\"wpb_wrapper\"><h2 class=\"p1\"><span class=\"s1\"><b>Metodologia d&#8217;Ensenyament Pr\u00f2pi<\/b><\/span><\/h2>\n<\/div><\/div><div class=\"wpb_text_column\"><div class=\"wpb_wrapper\"><p class=\"p1\">Fonamental al tennis que es juga actualment, cada vegada m\u00e9s r\u00e0pid, potent i que exigeix una capacitat d&#8217;adaptaci\u00f3 a qualsevol tipus de superf\u00edcie. Tot evoluciona i el tennis no n&#8217;\u00e9s cap excepci\u00f3. \u00c9s per aquest motiu que la nostra metodologia est\u00e0 enfocada al tennis actual des dels grups d&#8217;iniciaci\u00f3 fins als jugadors professionals, amb innovacions constants i adaptacions a les exig\u00e8ncies del m\u00f3n professional del tennis en l\u2019actualitat.<\/p>\n<\/div><\/div><\/div><\/div><\/div><div class=\"vc_col-sm-6 wpb_column vc_column_container\"><div class=\"vc_column-inner\"><div class=\"wpb_wrapper\"><div class=\"w-image align_none\"><div class=\"w-image-h\"><img width=\"500\" height=\"500\" src=\"https:\/\/proabtennis.com\/wp-content\/uploads\/2021\/03\/entreno-fisico.jpg\" class=\"attachment-large size-large\" alt=\"\" loading=\"lazy\" srcset=\"https:\/\/proabtennis.com\/wp-content\/uploads\/2021\/03\/entreno-fisico.jpg 500w, https:\/\/proabtennis.com\/wp-content\/uploads\/2021\/03\/entreno-fisico-300x300.jpg 300w, https:\/\/proabtennis.com\/wp-content\/uploads\/2021\/03\/entreno-fisico-150x150.jpg 150w\" sizes=\"(max-width: 500px) 100vw, 500px\" \/><\/div><\/div><div class=\"w-separator size_medium\"><\/div><div class=\"wpb_text_column us_custom_d8bb8f6f\"><div class=\"wpb_wrapper\"><h2 class=\"p1\"><span class=\"s1\"><b>El treball personalitzat<\/b><\/span><\/h2>\n<\/div><\/div><div class=\"wpb_text_column\"><div class=\"wpb_wrapper\"><p class=\"p1\">Es fonamenta a ensenyar, planificar i assessorar cont\u00ednuament els nostres jugadors. Per a PROAB cada jugador\/a \u00e9s important i tots s\u00f3n diferents entre si, per aix\u00f2 tenim la certesa, i l&#8217;experi\u00e8ncia ens avala, que \u00e9s b\u00e0sic fer uns plans de treball personalitzats, elaborats de forma individualitzada per a cada alumne de la nostra Acad\u00e8mia, tant a la vessant tenn\u00edstica com f\u00edsica.<\/p>\n<\/div><\/div><\/div><\/div><\/div><\/div><\/div><\/div><\/div><\/div><\/div><\/section><section class=\"l-section wpb_row height_large\" id=\"staff\"><div class=\"l-section-h i-cf\"><div class=\"g-cols vc_row via_flex valign_top type_default stacking_default\"><div class=\"vc_col-sm-2 wpb_column vc_column_container\"><div class=\"vc_column-inner\"><div class=\"wpb_wrapper\"><\/div><\/div><\/div><div class=\"vc_col-sm-8 wpb_column vc_column_container\"><div class=\"vc_column-inner\"><div class=\"wpb_wrapper\"><div class=\"w-image align_center\"><div class=\"w-image-h\"><img width=\"234\" height=\"63\" src=\"https:\/\/proabtennis.com\/wp-content\/uploads\/2020\/12\/silbato-icono.png\" class=\"attachment-large size-large\" alt=\"\" loading=\"lazy\" \/><\/div><\/div><div class=\"wpb_text_column\"><div class=\"wpb_wrapper\"><h3 class=\"p1\" style=\"text-align: center;\"><strong>Equip t\u00e8cnic<\/strong><\/h3>\n<\/div><\/div><div class=\"wpb_text_column\"><div class=\"wpb_wrapper\"><p class=\"p1\"><b>PRO-AB TEAM<\/b> compta amb un equip t\u00e8cnic especialitzat en el tennis a totes les seves \u00e0rees, des de nivell d&#8217;iniciaci\u00f3 fins a l&#8217;alta competici\u00f3, tant en nens com en adults i amb el que hem aconseguit excel\u00b7lents resultats esportius a tots els nivells.<\/p>\n<p>El nostre STAFF t\u00e8cnic posseeix una \u00e0mplia formaci\u00f3 personal i professional al tennis, preparaci\u00f3 f\u00edsica i coaching tant a nivell professional com en categories juvenils, que permet garantir una professionalitat absoluta en el treball diari i un gran treball en equip.<\/p>\n<p class=\"p1\">A l&#8217;\u00e0rea de preparaci\u00f3 f\u00edsica, imprescindible avui dia, tamb\u00e9 tenim un equip d&#8217;excel\u00b7lents professionals, aix\u00ed com de maquin\u00e0ria i material variat, sempre enfocats al tennis.<\/p>\n<\/div><\/div><\/div><\/div><\/div><div class=\"vc_col-sm-2 wpb_column vc_column_container\"><div class=\"vc_column-inner\"><div class=\"wpb_wrapper\"><\/div><\/div><\/div><\/div><\/div><\/section><section class=\"l-section wpb_row height_huge with_img\" id=\"Installacions\"><div class=\"l-section-img\" style=\"background-image: url(https:\/\/proabtennis.com\/wp-content\/uploads\/2021\/03\/pistas.jpg);background-repeat: no-repeat;\" data-img-width=\"1500\" data-img-height=\"700\"><\/div><div class=\"l-section-overlay\" style=\"background:rgba(26,26,26,0.40)\"><\/div><div class=\"l-section-h i-cf\"><div class=\"g-cols vc_row via_flex valign_top type_default stacking_default\"><div class=\"vc_col-sm-8 wpb_column vc_column_container\"><div class=\"vc_column-inner\"><div class=\"vc_column-overlay\" style=\"background:rgba(26,26,26,0.60)\"><\/div><div class=\"wpb_wrapper\"><div class=\"w-separator size_medium\"><\/div><div class=\"w-image align_center\"><div class=\"w-image-h\"><img width=\"234\" height=\"63\" src=\"https:\/\/proabtennis.com\/wp-content\/uploads\/2020\/12\/iconos-instalaciones-blanco.png\" class=\"attachment-full size-full\" alt=\"\" loading=\"lazy\" \/><\/div><\/div><div class=\"wpb_text_column us_custom_3cfbc15d has_text_color\"><div class=\"wpb_wrapper\"><h3 class=\"p1\" style=\"text-align: center;\"><strong>Instal\u00b7lacions<\/strong><\/h3>\n<\/div><\/div><div class=\"wpb_text_column us_custom_6df4bc3a has_text_color\"><div class=\"wpb_wrapper\"><h4 class=\"p1\" style=\"text-align: center;\">L&#8217;Acad\u00e8mia de Tennis PROAB TEAM desenvolupa tots els seus entrenaments al CLUB ESPORTIU HISP\u00c0 FRANC\u00c8S, situat al bell mig de Barcelona. \u00c9s un dels clubs amb m\u00e9s prestigi i tradici\u00f3 al m\u00f3n del tennis a la Ciutat Comtal i compta amb unes excel\u00b7lents instal\u00b7lacions.<\/h4>\n<\/div><\/div><div class=\"g-cols wpb_row via_flex valign_top type_default stacking_default\"><div class=\"vc_col-sm-6 wpb_column vc_column_container\"><div class=\"vc_column-inner\"><div class=\"wpb_wrapper\"><div class=\"wpb_text_column us_custom_6df4bc3a has_text_color\"><div class=\"wpb_wrapper\"><ul>\n<li class=\"p1\">9 pistes de terra batuda<\/li>\n<li class=\"p1\">10 pistes de paddle<\/li>\n<li class=\"p1\">Piscina exterior<\/li>\n<li class=\"p1\">Local social<\/li>\n<\/ul>\n<\/div><\/div><\/div><\/div><\/div><div class=\"vc_col-sm-6 wpb_column vc_column_container\"><div class=\"vc_column-inner\"><div class=\"wpb_wrapper\"><div class=\"wpb_text_column us_custom_6df4bc3a has_text_color\"><div class=\"wpb_wrapper\"><ul>\n<li class=\"p1\">Bar-restaurant<\/li>\n<li class=\"p2\">Parc infantil<\/li>\n<li class=\"p2\">Camp de F\u00fatbol<\/li>\n<li class=\"p2\">Gimn\u00e0s<\/li>\n<\/ul>\n<\/div><\/div><\/div><\/div><\/div><\/div><div class=\"w-separator size_medium\"><\/div><\/div><\/div><\/div><div class=\"vc_col-sm-4 wpb_column vc_column_container\"><div class=\"vc_column-inner\"><div class=\"wpb_wrapper\"><div class=\"w-separator size_medium\"><\/div>[vc_raw_html]PGlmcmFtZSBzcmM9Imh0dHBzOi8vd3d3Lmdvb2dsZS5jb20vbWFwcy9lbWJlZD9wYj0hMW0xOCExbTEyITFtMyExZDI5OTEuMzk0MDgyMzI0NTMzNCEyZDIuMTQ3NTU0MzE1NDU2ODQ0ITNkNDEuNDMwNjcwMDAxMjczNTkhMm0zITFmMCEyZjAhM2YwITNtMiExaTEwMjQhMmk3NjghNGYxMy4xITNtMyExbTIhMXMweDEyYTRiZDU5ZmRlNzg2ZWYlM0EweGJjMmM0NjIyMzI3N2Q1Y2QhMnNDbHViJTIwRGVwb3J0aXZvJTIwSGlzcGFub2ZyYW5jJUMzJUE5cyE1ZTAhM20yITFzZXMhMnNlcyE0djE2MTQzNDU5NTY1OTAhNW0yITFzZXMhMnNlcyIgd2lkdGg9IjYwMCIgaGVpZ2h0PSI0NTAiIHN0eWxlPSJib3JkZXI6MDsiIGFsbG93ZnVsbHNjcmVlbj0iIiBsb2FkaW5nPSJsYXp5Ij48L2lmcmFtZT4=[\/vc_raw_html]<\/div><\/div><\/div><\/div><\/div><\/section>\n","protected":false},"excerpt":{"rendered":"[vc_custom_heading text=\"Passi\u00f3 pel tennis\" google_fonts=\"font_family:Montserrat%3Aregular%2C700|font_style:700%20bold%20regular%3A700%3Anormal\" css=\"%7B%22default%22%3A%7B%22color%22%3A%22%231a1a1a%22%2C%22font-size%22%3A%2250px%22%7D%7D\"]L\u2019Acad\u00e8mia de Tennis PROAB TEAM neix, fa m\u00e9s de 20 anys, per la passi\u00f3 del tennis, l\u2019ensenyament a tots nivels i amb la il.lusi\u00f3 de crear un centre d\u2019alt rendiment dedicat a la formaci\u00f3 de joves tennistes, que hem fet realitat. Consulta el CV de Josep Maria ArenasAcad\u00e8mia de tennisMetodologiaEquip...","protected":false},"author":4,"featured_media":0,"parent":0,"menu_order":0,"comment_status":"closed","ping_status":"closed","template":"","meta":[],"acf":[],"_links":{"self":[{"href":"https:\/\/proabtennis.com\/ca\/wp-json\/wp\/v2\/pages\/5525"}],"collection":[{"href":"https:\/\/proabtennis.com\/ca\/wp-json\/wp\/v2\/pages"}],"about":[{"href":"https:\/\/proabtennis.com\/ca\/wp-json\/wp\/v2\/types\/page"}],"author":[{"embeddable":true,"href":"https:\/\/proabtennis.com\/ca\/wp-json\/wp\/v2\/users\/4"}],"replies":[{"embeddable":true,"href":"https:\/\/proabtennis.com\/ca\/wp-json\/wp\/v2\/comments?post=5525"}],"version-history":[{"count":11,"href":"https:\/\/proabtennis.com\/ca\/wp-json\/wp\/v2\/pages\/5525\/revisions"}],"predecessor-version":[{"id":5669,"href":"https:\/\/proabtennis.com\/ca\/wp-json\/wp\/v2\/pages\/5525\/revisions\/5669"}],"wp:attachment":[{"href":"https:\/\/proabtennis.com\/ca\/wp-json\/wp\/v2\/media?parent=5525"}],"curies":[{"name":"wp","href":"https:\/\/api.w.org\/{rel}","templated":true}]}}