{"id":5569,"date":"2022-04-22T09:59:45","date_gmt":"2022-04-22T09:59:45","guid":{"rendered":"http:\/\/proabtennis.com\/estiu-tennis\/"},"modified":"2026-04-23T12:18:11","modified_gmt":"2026-04-23T12:18:11","slug":"estiu-tennis","status":"publish","type":"page","link":"https:\/\/proabtennis.com\/ca\/estiu-tennis\/","title":{"rendered":"ESTIU &amp; TENNIS"},"content":{"rendered":"<section class=\"l-section wpb_row height_huge with_img\"><div class=\"l-section-img\" style=\"background-image: url(https:\/\/proabtennis.com\/wp-content\/uploads\/2020\/12\/valores-quienes-somos.jpg);background-repeat: no-repeat;\" data-img-width=\"1500\" data-img-height=\"700\"><\/div><div class=\"l-section-overlay\" style=\"background:rgba(26,26,26,0.10)\"><\/div><div class=\"l-section-h i-cf\"><div class=\"g-cols vc_row via_flex valign_top type_default stacking_default\"><div class=\"vc_col-sm-6 wpb_column vc_column_container\"><div class=\"vc_column-inner\"><div class=\"wpb_wrapper\"><div class=\"w-separator size_medium\"><\/div>[vc_custom_heading text=&#8221;Stage Tennis Intensiu Estiu&#8221; google_fonts=&#8221;font_family:Montserrat%3Aregular%2C700|font_style:700%20bold%20regular%3A700%3Anormal&#8221; css=&#8221;%7B%22default%22%3A%7B%22font-size%22%3A%2250px%22%7D%7D&#8221;]<div class=\"wpb_text_column\"><div class=\"wpb_wrapper\"><h4 class=\"p1\">INSCRIPCIONS OBERTES 2026<\/h4>\n<\/div><\/div><div class=\"w-separator size_medium\"><\/div><\/div><\/div><\/div><div class=\"vc_col-sm-6 wpb_column vc_column_container\"><div class=\"vc_column-inner\"><div class=\"wpb_wrapper\"><\/div><\/div><\/div><\/div><\/div><\/section><section class=\"l-section wpb_row height_large\" id=\"Acad\u00e8mia de tennis\"><div class=\"l-section-h i-cf\"><div class=\"g-cols vc_row via_flex valign_top type_default stacking_default\"><div class=\"vc_col-sm-12 wpb_column vc_column_container\"><div class=\"vc_column-inner\"><div class=\"wpb_wrapper\"><div class=\"g-cols wpb_row via_flex valign_top type_default stacking_default\"><div class=\"vc_col-sm-2 wpb_column vc_column_container\"><div class=\"vc_column-inner\"><div class=\"wpb_wrapper\"><\/div><\/div><\/div><div class=\"vc_col-sm-2 wpb_column vc_column_container\"><div class=\"vc_column-inner\"><div class=\"wpb_wrapper\"><\/div><\/div><\/div><div class=\"vc_col-sm-2 wpb_column vc_column_container\"><div class=\"vc_column-inner\"><div class=\"wpb_wrapper\"><div class=\"w-image align_none\"><div class=\"w-image-h\"><img width=\"500\" height=\"248\" src=\"https:\/\/proabtennis.com\/wp-content\/uploads\/2020\/12\/logo-cap-1.png\" class=\"attachment-large size-large\" alt=\"\" loading=\"lazy\" srcset=\"https:\/\/proabtennis.com\/wp-content\/uploads\/2020\/12\/logo-cap-1.png 500w, https:\/\/proabtennis.com\/wp-content\/uploads\/2020\/12\/logo-cap-1-300x149.png 300w\" sizes=\"(max-width: 500px) 100vw, 500px\" \/><\/div><\/div><\/div><\/div><\/div><div class=\"vc_col-sm-2 wpb_column vc_column_container\"><div class=\"vc_column-inner\"><div class=\"wpb_wrapper\"><div class=\"w-image align_none\"><div class=\"w-image-h\"><img width=\"210\" height=\"111\" src=\"https:\/\/proabtennis.com\/wp-content\/uploads\/2021\/05\/logo_02.gif\" class=\"attachment-large size-large\" alt=\"\" loading=\"lazy\" \/><\/div><\/div><\/div><\/div><\/div><div class=\"vc_col-sm-2 wpb_column vc_column_container\"><div class=\"vc_column-inner\"><div class=\"wpb_wrapper\"><\/div><\/div><\/div><div class=\"vc_col-sm-2 wpb_column vc_column_container\"><div class=\"vc_column-inner\"><div class=\"wpb_wrapper\"><\/div><\/div><\/div><\/div><div class=\"w-separator size_medium\"><\/div><div class=\"g-cols wpb_row via_flex valign_top type_default stacking_default\"><div class=\"vc_col-sm-4 wpb_column vc_column_container\"><div class=\"vc_column-inner\"><div class=\"vc_column-overlay\" style=\"background:#eeff03\"><\/div><div class=\"wpb_wrapper\"><div class=\"w-separator size_small\"><\/div><div class=\"wpb_text_column\"><div class=\"wpb_wrapper\"><h3 class=\"p1\" style=\"text-align: left;\"><strong>Tennis a l&#8217;estiu <\/strong><strong>Grups per edats, e<\/strong><strong>ntre 6 i 16 anys (places limitades)<br \/>\n<\/strong>De 9h a 13.00h<br \/>\nTennis + preparaci\u00f3 f\u00edsica + piscina + altres esports (Opci\u00f3 fins les 17h)<\/h3>\n<h3 class=\"p1\" style=\"text-align: left;\"><strong>STAGE ESTIU <\/strong>Grups per nivells + acompanyament (opcional) a tornejos Edats entre 8 i 18 anys (Places limitades) Horaris a escollir, fins migdia o mat\u00ed i tarda<\/h3>\n<\/div><\/div><div class=\"w-btn-wrapper align_none\"><a class=\"w-btn us-btn-style_2\" title=\"Contacte\" target=\"_blank\" href=\"https:\/\/proabtennis.com\/ca\/contacte\/\" rel=\"noopener\"><span class=\"w-btn-label\">M\u00e9s informaci\u00f3<\/span><\/a><\/div><div class=\"w-separator size_small\"><\/div><\/div><\/div><\/div><div class=\"vc_col-sm-4 wpb_column vc_column_container\"><div class=\"vc_column-inner\"><div class=\"vc_column-overlay\" style=\"background:#f5f5f5\"><\/div><div class=\"wpb_wrapper\"><div class=\"w-separator size_small\"><\/div><div class=\"wpb_text_column\"><div class=\"wpb_wrapper\"><h3 style=\"text-align: left;\"><strong>SETMANES<\/strong><\/h3>\n<p style=\"text-align: left;\">29 de juny al 3 juliol 2026<br \/>\n6 al 10 de juliol 2026<br \/>\n13 al 17 de juliol 2026<br \/>\n20 al 24 de juliol 2026<br \/>\n27 al 31 de juliol 2026<\/p>\n<p>\u00a0<\/p>\n<\/div><\/div><div class=\"w-separator size_small\"><\/div><\/div><\/div><\/div><div class=\"vc_col-sm-4 wpb_column vc_column_container\"><div class=\"vc_column-inner\"><div class=\"vc_column-overlay\" style=\"background:#e8e8e8\"><\/div><div class=\"wpb_wrapper\"><div class=\"w-separator size_small\"><\/div><div class=\"wpb_text_column\"><div class=\"wpb_wrapper\"><p style=\"text-align: left;\"><strong>PREUS <\/strong>ESTIU&amp;TENNIS<\/p>\n<p style=\"text-align: left;\">Preu Soci\/a<br \/>\nPreu Alumne PROAB<br \/>\n<strong>140\u20ac setmana<\/strong><\/p>\n<p>Preu No Soci\/a<br \/>\n<b>165\u20ac setmana<br \/>\n<\/b><em>Descompte d\u2019un 5% a partir del 2n germ\u00e0\/na<\/em><\/p>\n<p style=\"text-align: left;\"><strong>PREUS STAGE TENNIS <\/strong><em>(consultar per tel\u00e8fon o Whatsapp al 0034 616 953 355 o per mail a info@proabtennis.com). Diferents opcions: nom\u00e9s mat\u00ed, mat\u00ed i tarda i opci\u00f3 de coaching a competicions<\/em><\/p>\n<\/div><\/div><div class=\"w-separator size_small\"><\/div><\/div><\/div><\/div><\/div><\/div><\/div><\/div><\/div><\/div><\/section>\n","protected":false},"excerpt":{"rendered":"[vc_custom_heading text=\"Stage Tennis Intensiu Estiu\" google_fonts=\"font_family:Montserrat%3Aregular%2C700|font_style:700%20bold%20regular%3A700%3Anormal\" css=\"%7B%22default%22%3A%7B%22font-size%22%3A%2250px%22%7D%7D\"]INSCRIPCIONS OBERTES 2026 Tennis a l&#8217;estiu Grups per edats, entre 6 i 16 anys (places limitades) De 9h a 13.00h Tennis + preparaci\u00f3 f\u00edsica + piscina + altres esports (Opci\u00f3 fins les 17h) STAGE ESTIU Grups per nivells + acompanyament (opcional) a tornejos Edats entre 8 i 18 anys...","protected":false},"author":4,"featured_media":0,"parent":0,"menu_order":0,"comment_status":"closed","ping_status":"closed","template":"","meta":[],"acf":[],"_links":{"self":[{"href":"https:\/\/proabtennis.com\/ca\/wp-json\/wp\/v2\/pages\/5569"}],"collection":[{"href":"https:\/\/proabtennis.com\/ca\/wp-json\/wp\/v2\/pages"}],"about":[{"href":"https:\/\/proabtennis.com\/ca\/wp-json\/wp\/v2\/types\/page"}],"author":[{"embeddable":true,"href":"https:\/\/proabtennis.com\/ca\/wp-json\/wp\/v2\/users\/4"}],"replies":[{"embeddable":true,"href":"https:\/\/proabtennis.com\/ca\/wp-json\/wp\/v2\/comments?post=5569"}],"version-history":[{"count":14,"href":"https:\/\/proabtennis.com\/ca\/wp-json\/wp\/v2\/pages\/5569\/revisions"}],"predecessor-version":[{"id":25298,"href":"https:\/\/proabtennis.com\/ca\/wp-json\/wp\/v2\/pages\/5569\/revisions\/25298"}],"wp:attachment":[{"href":"https:\/\/proabtennis.com\/ca\/wp-json\/wp\/v2\/media?parent=5569"}],"curies":[{"name":"wp","href":"https:\/\/api.w.org\/{rel}","templated":true}]}}